{"id":849,"date":"2020-03-07T15:24:42","date_gmt":"2020-03-07T15:24:42","guid":{"rendered":"https:\/\/www.rozenntalec.bzh\/?post_type=product&#038;p=849"},"modified":"2020-03-07T15:56:10","modified_gmt":"2020-03-07T15:56:10","slug":"timothee-le-bour-youen-bodros-chadenn-2016","status":"publish","type":"product","link":"https:\/\/www.rozenntalec.bzh\/index.php\/product\/timothee-le-bour-youen-bodros-chadenn-2016\/","title":{"rendered":"Timoth\u00e9e Le Bour &#038; Youen Bodros &#8211; Chadenn (2016)"},"content":{"rendered":"<p>Voil\u00e0 bient\u00f4t 10 ans que le duo\u00a0<strong>Le Bour \u2013 Bodros<\/strong>\u00a0parcourt les sc\u00e8nes bretonnes, fran\u00e7aises et europ\u00e9ennes. Pr\u00e8s de 500 concerts et festo\u00f9-noz et deux albums, dont le dernier en Quintet, avec leurs camarades de route : Erwan Moal \u00e0 la guitare, Erwan Volant \u00e0 la basse \u00e9lectrique et Erwan Menguy \u00e0 la fl\u00fbte traversi\u00e8re en bois.<\/p>\n<p><em>Deus pelec\u2019h e teu an avel<\/em>\u00a0\u2013 Hijal, 2011<br \/>\n<em>Le Bour Bodros Quintet \u201c5\u201d<\/em>\u00a0\u2013 Paker Prod, 2014<\/p>\n<p>Reconnue comme l\u2019une des formations incontournables de la sc\u00e8ne traditionnelle bretonne, leur dernier disque \u00e0 \u00e9t\u00e9 prim\u00e9 \u201cmeilleur disque de musique bretonne de l\u2019ann\u00e9e\u201d. Une r\u00e9compense reconnaissant leur travail commenc\u00e9 il y a 10 ans, une amiti\u00e9 pass\u00e9e a cr\u00e9er, composer et arranger une musique acoustique bretonne sans barri\u00e8res.<\/p>\n<p>Pour leur nouveau r\u00e9pertoire, les deux comp\u00e8res ont choisi de laisser de c\u00f4t\u00e9 la danse de festo\u00f9-noz pour s\u2019atteler \u00e0 un r\u00e9pertoire plus intime au c\u00f4t\u00e9 de\u00a0<strong>Rozenn Talec<\/strong>\u00a0au chant,\u00a0<strong>Ga\u00ebtan Samson<\/strong>\u00a0aux percussions.<\/p>\n<p>Profond\u00e9ment enracin\u00e9es dans leur r\u00e9gion, leurs compositions nous invitent cette fois-ci \u00e0 s\u2019\u00e9loigner de la ronde \u00e0 laquelle ils nous ont habitu\u00e9 pour nous laisser improviser un autre pas de danse. Il s\u2019agit d\u2019un voyage dans l\u2019imaginaire du duo, un voyage o\u00f9 l\u2019on surprend Marcel Guillou sympathisant avec Anouar Brahem, le Taraf de Caransebes improvisant une musique traditionnelle du centre France et, o\u00f9 Fapy Lafertin et Yves Menez dansent la gavotte.<\/p>\n<p>label :\u00a0<strong>Paker Prod<\/strong><br \/>\ndistribution :\u00a0<strong>Coop Breizh<\/strong><\/p>\n","protected":false},"excerpt":{"rendered":"<p>Voil\u00e0 bient\u00f4t 10 ans que le duo\u00a0Le Bour \u2013 Bodros\u00a0parcourt les sc\u00e8nes bretonnes, fran\u00e7aises et europ\u00e9ennes. Pr\u00e8s de 500 concerts et festo\u00f9-noz et deux albums, dont le dernier en Quintet, avec leurs camarades de route : Erwan Moal \u00e0 la guitare, Erwan Volant \u00e0 la basse \u00e9lectrique et Erwan Menguy \u00e0 la fl\u00fbte traversi\u00e8re en &hellip;<\/p>\n<p class=\"read-more\"> <a class=\"\" href=\"https:\/\/www.rozenntalec.bzh\/index.php\/product\/timothee-le-bour-youen-bodros-chadenn-2016\/\"> <span class=\"screen-reader-text\">Timoth\u00e9e Le Bour &#038; Youen Bodros &#8211; Chadenn (2016)<\/span> Read More &raquo;<\/a><\/p>\n","protected":false},"featured_media":862,"template":"","meta":[],"product_brand":[],"product_cat":[27],"product_tag":[],"class_list":{"0":"post-849","1":"product","2":"type-product","3":"status-publish","4":"has-post-thumbnail","6":"product_cat-timothee-le-bour-youen-bodros","8":"first","9":"instock","10":"shipping-taxable","11":"purchasable","12":"product-type-simple"},"jetpack_sharing_enabled":true,"_links":{"self":[{"href":"https:\/\/www.rozenntalec.bzh\/index.php\/wp-json\/wp\/v2\/product\/849","targetHints":{"allow":["GET"]}}],"collection":[{"href":"https:\/\/www.rozenntalec.bzh\/index.php\/wp-json\/wp\/v2\/product"}],"about":[{"href":"https:\/\/www.rozenntalec.bzh\/index.php\/wp-json\/wp\/v2\/types\/product"}],"wp:featuredmedia":[{"embeddable":true,"href":"https:\/\/www.rozenntalec.bzh\/index.php\/wp-json\/wp\/v2\/media\/862"}],"wp:attachment":[{"href":"https:\/\/www.rozenntalec.bzh\/index.php\/wp-json\/wp\/v2\/media?parent=849"}],"wp:term":[{"taxonomy":"product_brand","embeddable":true,"href":"https:\/\/www.rozenntalec.bzh\/index.php\/wp-json\/wp\/v2\/product_brand?post=849"},{"taxonomy":"product_cat","embeddable":true,"href":"https:\/\/www.rozenntalec.bzh\/index.php\/wp-json\/wp\/v2\/product_cat?post=849"},{"taxonomy":"product_tag","embeddable":true,"href":"https:\/\/www.rozenntalec.bzh\/index.php\/wp-json\/wp\/v2\/product_tag?post=849"}],"curies":[{"name":"wp","href":"https:\/\/api.w.org\/{rel}","templated":true}]}}